{"id":356,"date":"2020-03-14T22:48:38","date_gmt":"2020-03-14T22:48:38","guid":{"rendered":"https:\/\/www.caritas-ticino.ch\/unaiutoinsieme\/index.php\/copia-di-coronavirus-un-aiuto-insieme-caritas-ticino\/"},"modified":"2022-03-11T15:44:31","modified_gmt":"2022-03-11T15:44:31","slug":"ucraina-un-aiuto-insieme-caritas-ticino","status":"publish","type":"page","link":"https:\/\/www.caritas-ticino.ch\/unaiutoinsieme\/","title":{"rendered":"Ucraina | Un Aiuto Insieme | Caritas Ticino"},"content":{"rendered":"<p>[et_pb_section fb_built=&#8221;1&#8243; custom_padding_last_edited=&#8221;on|phone&#8221; _builder_version=&#8221;4.4.1&#8243; background_color=&#8221;#107d76&#8243; custom_padding=&#8221;50px||0px|||&#8221; custom_padding_tablet=&#8221;&#8221; custom_padding_phone=&#8221;50px||||false|false&#8221; global_colors_info=&#8221;{}&#8221;][et_pb_row column_structure=&#8221;1_2,1_4,1_4&#8243; disabled_on=&#8221;on|on|off&#8221; _builder_version=&#8221;4.4.1&#8243; module_alignment=&#8221;center&#8221; global_colors_info=&#8221;{}&#8221;][et_pb_column type=&#8221;1_2&#8243; _builder_version=&#8221;4.4.1&#8243; global_colors_info=&#8221;{}&#8221;][et_pb_image src=&#8221;https:\/\/www.caritas-ticino.ch\/unaiutoinsieme\/wp-content\/uploads\/2022\/03\/Ucraina-Un-Aiuto-Insieme-Caritas-Ticino.png&#8221; title_text=&#8221;Ucraina&#8212;Un-Aiuto-Insieme&#8212;Caritas-Ticino&#8221; _builder_version=&#8221;4.14.8&#8243; global_colors_info=&#8221;{}&#8221;][\/et_pb_image][\/et_pb_column][et_pb_column type=&#8221;1_4&#8243; _builder_version=&#8221;4.4.1&#8243; global_colors_info=&#8221;{}&#8221;][et_pb_image src=&#8221;https:\/\/www.caritas-ticino.ch\/unaiutoinsieme\/wp-content\/uploads\/2020\/03\/92-logo-caritasticino-side-header.png&#8221; url=&#8221;http:\/\/caritas-ticino.ch&#8221; url_new_window=&#8221;on&#8221; _builder_version=&#8221;4.4.1&#8243; custom_margin=&#8221;25px||13px|-88px|false|false&#8221; custom_padding=&#8221;|||16px|false|false&#8221; global_colors_info=&#8221;{}&#8221;][\/et_pb_image][\/et_pb_column][et_pb_column type=&#8221;1_4&#8243; _builder_version=&#8221;4.4.1&#8243; global_colors_info=&#8221;{}&#8221;][\/et_pb_column][\/et_pb_row][et_pb_row disabled_on=&#8221;off|off|on&#8221; _builder_version=&#8221;4.14.8&#8243; custom_margin_tablet=&#8221;&#8221; custom_margin_phone=&#8221;-35px||||false|false&#8221; custom_margin_last_edited=&#8221;on|phone&#8221; global_colors_info=&#8221;{}&#8221;][et_pb_column type=&#8221;4_4&#8243; _builder_version=&#8221;4.4.1&#8243; global_colors_info=&#8221;{}&#8221;][et_pb_image src=&#8221;https:\/\/www.caritas-ticino.ch\/unaiutoinsieme\/wp-content\/uploads\/2022\/03\/Ucraina-Un-Aiuto-Insieme-Caritas-Ticino-Verticale.png&#8221; title_text=&#8221;Ucraina&#8212;Un-Aiuto-Insieme&#8212;Caritas-Ticino&#8212;Verticale&#8221; align=&#8221;center&#8221; _builder_version=&#8221;4.14.8&#8243; global_colors_info=&#8221;{}&#8221;][\/et_pb_image][et_pb_image src=&#8221;https:\/\/www.caritas-ticino.ch\/unaiutoinsieme\/wp-content\/uploads\/2020\/03\/92-logo-caritasticino-side-header.png&#8221; url=&#8221;http:\/\/caritas-ticino.ch&#8221; url_new_window=&#8221;on&#8221; align=&#8221;center&#8221; disabled_on=&#8221;off|off|on&#8221; _builder_version=&#8221;4.4.1&#8243; global_colors_info=&#8221;{}&#8221;][\/et_pb_image][\/et_pb_column][\/et_pb_row][et_pb_row custom_padding_last_edited=&#8221;on|phone&#8221; _builder_version=&#8221;4.14.8&#8243; custom_margin_tablet=&#8221;&#8221; custom_margin_phone=&#8221;-25px||||false|false&#8221; custom_margin_last_edited=&#8221;on|phone&#8221; custom_padding=&#8221;0px||||false|false&#8221; custom_padding_tablet=&#8221;&#8221; custom_padding_phone=&#8221;30px|0px||0px|false|false&#8221; global_colors_info=&#8221;{}&#8221;][et_pb_column type=&#8221;4_4&#8243; _builder_version=&#8221;4.4.1&#8243; global_colors_info=&#8221;{}&#8221;][et_pb_image src=&#8221;https:\/\/www.caritas-ticino.ch\/unaiutoinsieme\/wp-content\/uploads\/2022\/03\/1080-no-war.jpg&#8221; title_text=&#8221;1080-no-war&#8221; _builder_version=&#8221;4.14.8&#8243; global_colors_info=&#8221;{}&#8221;][\/et_pb_image][et_pb_text _builder_version=&#8221;4.14.8&#8243; text_text_color=&#8221;#ffffff&#8221; text_font_size=&#8221;18px&#8221; text_line_height=&#8221;1.8em&#8221; text_orientation=&#8221;justified&#8221; custom_margin=&#8221;||||false|false&#8221; hover_enabled=&#8221;0&#8243; global_colors_info=&#8221;{}&#8221; sticky_enabled=&#8221;0&#8243;]<\/p>\n<p>La guerra colpisce le popolazioni, ed in particolare<strong> le persone pi\u00f9 deboli<\/strong>. Caritas Ticino \u00e8 vicina a chi \u00e8 stato colpito da <strong>quanto sta accadendo in Ucraina<\/strong>, dopo il precipitare degli eventi e l&#8217;inizio di un conflitto che <strong>sta mettendo a rischio la vita di molte persone<\/strong>, che ora si trovano in uno stato di <strong>urgente necessit\u00e0<\/strong>.<\/p>\n<p>Caritas Ticino si rende disponibile, attraverso le parrocchie e a chi fosse interessato,\u00a0<strong>a fungere da tramite tra persone ospitanti e persone provenienti\u00a0dall\u2019Ucraina per essere accolte dalle parrocchie stesse o da privati<\/strong>. Prendendo\u00a0contatto con noi potrete segnalarci coloro che offrono accoglienza privata,\u00a0ma anche persone provenienti dall\u2019Ucraina che necessitano di un alloggio.<\/p>\n<p>[\/et_pb_text][\/et_pb_column][\/et_pb_row][et_pb_row disabled_on=&#8221;off|off|off&#8221; _builder_version=&#8221;4.14.8&#8243; custom_padding=&#8221;0px||0px|||&#8221; hover_enabled=&#8221;0&#8243; locked=&#8221;off&#8221; global_colors_info=&#8221;{}&#8221; sticky_enabled=&#8221;0&#8243;][et_pb_column type=&#8221;4_4&#8243; _builder_version=&#8221;4.14.8&#8243; background_color=&#8221;#E09900&#8243; global_colors_info=&#8221;{}&#8221;][et_pb_text _builder_version=&#8221;4.14.8&#8243; _module_preset=&#8221;default&#8221; text_text_color=&#8221;#FFFFFF&#8221; text_font_size=&#8221;30px&#8221; custom_margin=&#8221;20px||||false|false&#8221; hover_enabled=&#8221;0&#8243; text_font_size_tablet=&#8221;30px&#8221; text_font_size_phone=&#8221;19px&#8221; text_font_size_last_edited=&#8221;on|phone&#8221; global_colors_info=&#8221;{}&#8221; sticky_enabled=&#8221;0&#8243; custom_padding=&#8221;||25px||false|false&#8221;]<\/p>\n<p style=\"text-align: center;\">chiamaci allo 091 936 30 20 oppure\u00a0<strong><a href=\"mailto:aiutoucraina@caritas-ticino.ch\">scrivici cliccando qui<\/a><\/strong><\/p>\n<p>[\/et_pb_text][\/et_pb_column][\/et_pb_row][et_pb_row _builder_version=&#8221;4.14.8&#8243; _module_preset=&#8221;default&#8221;][et_pb_column _builder_version=&#8221;4.14.8&#8243; _module_preset=&#8221;default&#8221; type=&#8221;4_4&#8243;][et_pb_text _builder_version=&#8221;4.14.8&#8243; text_text_color=&#8221;#ffffff&#8221; text_font_size=&#8221;18px&#8221; text_line_height=&#8221;1.8em&#8221; text_orientation=&#8221;justified&#8221; custom_margin=&#8221;||||false|false&#8221; hover_enabled=&#8221;0&#8243; global_colors_info=&#8221;{}&#8221; sticky_enabled=&#8221;0&#8243;]<\/p>\n<p>Caritas Ticino in collaborazione con le altre Caritas coinvolte offre anche la\u00a0<span>possibilit\u00e0 <strong>a <\/strong><\/span><strong>chi vuole sostenere le popolazioni messe in ginocchio da questo\u00a0conflitto di inviare una donazione<\/strong>:<\/p>\n<p>[\/et_pb_text][\/et_pb_column][\/et_pb_row][et_pb_row disabled_on=&#8221;off|off|off&#8221; _builder_version=&#8221;4.14.8&#8243; custom_padding=&#8221;0px||0px|||&#8221; locked=&#8221;off&#8221; global_colors_info=&#8221;{}&#8221;][et_pb_column type=&#8221;4_4&#8243; _builder_version=&#8221;4.14.8&#8243; background_color=&#8221;#E09900&#8243; global_colors_info=&#8221;{}&#8221;][et_pb_text _builder_version=&#8221;4.14.8&#8243; _module_preset=&#8221;default&#8221; text_text_color=&#8221;#FFFFFF&#8221; text_font_size=&#8221;30px&#8221; custom_margin=&#8221;20px||||false|false&#8221; hover_enabled=&#8221;0&#8243; text_font_size_tablet=&#8221;30px&#8221; text_font_size_phone=&#8221;19px&#8221; text_font_size_last_edited=&#8221;on|phone&#8221; global_colors_info=&#8221;{}&#8221; sticky_enabled=&#8221;0&#8243;]<\/p>\n<p style=\"text-align: center;\">Direttamente nei CATISHOP.CH di Lugano, Giubiasco, Chiasso e Locarno<\/p>\n<p style=\"text-align: center;\">oppure effettuando un versamento sul CCP intestato a Caritas Ticino<\/p>\n<p>[\/et_pb_text][et_pb_text _builder_version=&#8221;4.14.8&#8243; _module_preset=&#8221;default&#8221; text_text_color=&#8221;#FFFFFF&#8221; text_font_size=&#8221;50px&#8221; custom_margin_tablet=&#8221;&#8221; custom_margin_phone=&#8221;-12px||||false|false&#8221; custom_margin_last_edited=&#8221;on|phone&#8221; global_colors_info=&#8221;{}&#8221;]<\/p>\n<div style=\"text-align: center;\"><b><span lang=\"IT\">69-3300-5<\/span><\/b><\/div>\n<div><\/div>\n<p>[\/et_pb_text][et_pb_text _builder_version=&#8221;4.14.8&#8243; _module_preset=&#8221;default&#8221; text_text_color=&#8221;#FFFFFF&#8221; text_font_size=&#8221;18px&#8221; custom_margin=&#8221;-10px||15px||false|false&#8221; global_colors_info=&#8221;{}&#8221;]<\/p>\n<p style=\"text-align: center;\">indicando al momento del versamento la causale <strong>UCRAINA<\/strong><\/p>\n<p>[\/et_pb_text][\/et_pb_column][\/et_pb_row][et_pb_row _builder_version=&#8221;4.14.8&#8243; _module_preset=&#8221;default&#8221; global_colors_info=&#8221;{}&#8221;][et_pb_column type=&#8221;4_4&#8243; _builder_version=&#8221;4.14.8&#8243; _module_preset=&#8221;default&#8221; global_colors_info=&#8221;{}&#8221;][et_pb_text _builder_version=&#8221;4.14.8&#8243; text_text_color=&#8221;#ffffff&#8221; text_font_size=&#8221;18px&#8221; text_line_height=&#8221;1.8em&#8221; text_orientation=&#8221;justified&#8221; custom_margin=&#8221;||||false|false&#8221; custom_padding=&#8221;0px|||||&#8221; global_colors_info=&#8221;{}&#8221;]<\/p>\n<p>Le donazioni saranno raccolte e distribuite secondo necessit\u00e0 alle\u00a0<strong>Caritas di Svizzera, Ucraina, Polonia e Romania e alla Catena della Solidariet\u00e0<\/strong>. Ognuna delle organizzazioni coinvolte si occuper\u00e0 di far pervenire i fondi raccolti <strong>alle popolazioni bisognose<\/strong>.<\/p>\n<p>[\/et_pb_text][et_pb_text _builder_version=&#8221;4.14.8&#8243; text_text_color=&#8221;#ffffff&#8221; text_font_size=&#8221;18px&#8221; text_line_height=&#8221;1.8em&#8221; text_orientation=&#8221;justified&#8221; custom_margin=&#8221;||||false|false&#8221; custom_padding=&#8221;0px|||||&#8221; global_colors_info=&#8221;{}&#8221;]<\/p>\n<p>Tornate a trovarci: pubblicheremo degli <strong>aggiornamenti settimanali<\/strong> sull&#8217;andamento della raccolta fondi, e a fine campagna troverete su questa pagina <strong>il resoconto dei fondi distribuiti alle varie organizzazioni.<\/strong><\/p>\n<p>[\/et_pb_text][et_pb_text _builder_version=&#8221;4.14.8&#8243; text_text_color=&#8221;#ffffff&#8221; text_font_size=&#8221;15px&#8221; text_line_height=&#8221;1.8em&#8221; text_orientation=&#8221;justified&#8221; custom_margin=&#8221;||||false|false&#8221; hover_enabled=&#8221;0&#8243; global_colors_info=&#8221;{}&#8221; sticky_enabled=&#8221;0&#8243;]<\/p>\n<p style=\"text-align: center;\"><strong>Vuoi saperne di pi\u00f9<\/strong> su come saranno gestite le donazioni raccolte da Caritas Ticino? <a href=\"mailto:cati@caritas-ticino.ch\" target=\"_blank\" rel=\"noopener\" title=\"Scrivi una mail a Caritas Ticino!\"><strong>Scrivici<\/strong><\/a>!<\/p>\n<p>[\/et_pb_text][\/et_pb_column][\/et_pb_row][\/et_pb_section][et_pb_section fb_built=&#8221;1&#8243; _builder_version=&#8221;4.4.1&#8243; background_color=&#8221;#000000&#8243; min_height=&#8221;100px&#8221; height=&#8221;100px&#8221; max_height=&#8221;100px&#8221; custom_margin=&#8221;||10px|||&#8221; custom_padding=&#8221;1px||0px|||&#8221; global_colors_info=&#8221;{}&#8221;][et_pb_row column_structure=&#8221;1_2,1_2&#8243; _builder_version=&#8221;4.4.1&#8243; global_colors_info=&#8221;{}&#8221;][et_pb_column type=&#8221;1_2&#8243; _builder_version=&#8221;4.4.1&#8243; global_colors_info=&#8221;{}&#8221;][et_pb_text _builder_version=&#8221;4.4.1&#8243; global_colors_info=&#8221;{}&#8221;]<\/p>\n<p style=\"text-align: left;\">Design and development\u00a0 |\u00a0 <a href=\"http:\/\/caritas-ticino.ch\" target=\"_blank\" rel=\"noopener noreferrer\" title=\"Caritas Ticino\"><strong>Caritas Ticino<\/strong><\/a><\/p>\n<p>[\/et_pb_text][\/et_pb_column][et_pb_column type=&#8221;1_2&#8243; _builder_version=&#8221;4.4.1&#8243; global_colors_info=&#8221;{}&#8221;][et_pb_image src=&#8221;https:\/\/www.caritas-ticino.ch\/unaiutoinsieme\/wp-content\/uploads\/2020\/03\/99-logo-caritasticino-footer.png&#8221; url=&#8221;http:\/\/caritas-ticino.ch&#8221; url_new_window=&#8221;on&#8221; align=&#8221;right&#8221; disabled_on=&#8221;on|on|off&#8221; _builder_version=&#8221;4.4.1&#8243; custom_margin=&#8221;-41px||||false|false&#8221; global_colors_info=&#8221;{}&#8221;][\/et_pb_image][\/et_pb_column][\/et_pb_row][\/et_pb_section]<\/p>\n","protected":false},"excerpt":{"rendered":"<p>La guerra colpisce le popolazioni, ed in particolare le persone pi\u00f9 deboli. Caritas Ticino \u00e8 vicina a chi \u00e8 stato colpito da quanto sta accadendo in Ucraina, dopo il precipitare degli eventi e l&#8217;inizio di un conflitto che sta mettendo a rischio la vita di molte persone, che ora si trovano in uno stato di [&hellip;]<\/p>\n","protected":false},"author":1,"featured_media":0,"parent":0,"menu_order":0,"comment_status":"closed","ping_status":"closed","template":"","meta":{"_et_pb_use_builder":"on","_et_pb_old_content":"","_et_gb_content_width":"","_monsterinsights_skip_tracking":false,"_monsterinsights_sitenote_active":false,"_monsterinsights_sitenote_note":"","_monsterinsights_sitenote_category":0},"_links":{"self":[{"href":"https:\/\/www.caritas-ticino.ch\/unaiutoinsieme\/index.php\/wp-json\/wp\/v2\/pages\/356"}],"collection":[{"href":"https:\/\/www.caritas-ticino.ch\/unaiutoinsieme\/index.php\/wp-json\/wp\/v2\/pages"}],"about":[{"href":"https:\/\/www.caritas-ticino.ch\/unaiutoinsieme\/index.php\/wp-json\/wp\/v2\/types\/page"}],"author":[{"embeddable":true,"href":"https:\/\/www.caritas-ticino.ch\/unaiutoinsieme\/index.php\/wp-json\/wp\/v2\/users\/1"}],"replies":[{"embeddable":true,"href":"https:\/\/www.caritas-ticino.ch\/unaiutoinsieme\/index.php\/wp-json\/wp\/v2\/comments?post=356"}],"version-history":[{"count":19,"href":"https:\/\/www.caritas-ticino.ch\/unaiutoinsieme\/index.php\/wp-json\/wp\/v2\/pages\/356\/revisions"}],"predecessor-version":[{"id":399,"href":"https:\/\/www.caritas-ticino.ch\/unaiutoinsieme\/index.php\/wp-json\/wp\/v2\/pages\/356\/revisions\/399"}],"wp:attachment":[{"href":"https:\/\/www.caritas-ticino.ch\/unaiutoinsieme\/index.php\/wp-json\/wp\/v2\/media?parent=356"}],"curies":[{"name":"wp","href":"https:\/\/api.w.org\/{rel}","templated":true}]}}